{"id":25,"date":"2025-02-18T17:58:05","date_gmt":"2025-02-18T17:58:05","guid":{"rendered":"https:\/\/villapaolija.com\/villapaolija\/our-story\/"},"modified":"2025-10-31T11:55:26","modified_gmt":"2025-10-31T09:55:26","slug":"foglalasi-arlista","status":"publish","type":"page","link":"https:\/\/villapaolija.com\/hu\/foglalasi-arlista\/","title":{"rendered":"\u00c1rlista \u00e9s foglal\u00e1s"},"content":{"rendered":"<h1>\u00c1rlista \u00e9s foglal\u00e1s<\/h1>\n<h2>Ezen az oldalon megtekintheti apartmanjaink \u00e1rait \u00e9s foglalhat is.<\/h2>\n<ul>\n<li>Az apartmanok 65m2-110m2 nagys\u00e1g\u00faak, mindegyik k\u00fcl\u00f6n bej\u00e1rattal, 2 (kett\u0151) vagy 3 (h\u00e1rom) h\u00e1l\u00f3szob\u00e1val, konyh\u00e1val, nappalival \u00e9s zuhanykabinos f\u00fcrd\u0151szob\u00e1val, valamint saj\u00e1t terasszal \u00e9s grillez\u0151vel rendelkezik.<\/li>\n<li>Minden apartman l\u00e9gkondicion\u00e1lt vagy k\u00f6zponti f\u0171t\u00e9ssel f\u0171thet\u0151, teljesen felszerelt konyhai felszerel\u00e9ssel \u00e9s minden h\u00e1ztart\u00e1si g\u00e9ppel felszerelt.<\/li>\n<li>Az \u00e1r tartalmazza az internet-hozz\u00e1f\u00e9r\u00e9st Wi-Fi hotspotokon kereszt\u00fcl.<\/li>\n<li>A Villa Paolija vend\u00e9gei kikapcsol\u00f3d\u00e1st \u00e9s sz\u00f3rakoz\u00e1st k\u00edn\u00e1l egy priv\u00e1t \u00fasz\u00f3medenc\u00e9ben, ahol pihen\u0151- vagy j\u00e1t\u00e9khely, valamint fedett ny\u00e1ri konyha is tal\u00e1lhat\u00f3.<\/li>\n<li>A kertben grillez\u0151 vagy g\u00e1zt\u0171zhely is tal\u00e1lhat\u00f3.<\/li>\n<li>A h\u00e1zhoz udvar tartozik, k\u00f6zvetlen\u00fcl mellette sportp\u00e1ly\u00e1k \u00e9s egy nagy park tal\u00e1lhat\u00f3 - alkalmas gyermekek sz\u00e1m\u00e1ra, sporteszk\u00f6z\u00f6k \u00e9s ker\u00e9kp\u00e1rok \u00e1llnak rendelkez\u00e9sre a kikapcsol\u00f3d\u00e1shoz.<\/li>\n<li>Minden vend\u00e9g sz\u00e1m\u00e1ra biztons\u00e1gos \u00e9s kivil\u00e1g\u00edtott parkol\u00f3 \u00e1ll rendelkez\u00e9sre a h\u00e1z el\u0151tt.<\/li>\n<li>Az Elly apartman egy lak\u00f3\u00e9p\u00fcletben tal\u00e1lhat\u00f3 a Villa Paolija k\u00f6zel\u00e9ben, \u00e9s az Elly apartman minden vend\u00e9ge hozz\u00e1f\u00e9rhet a Villa Paolija \u00f6sszes szolg\u00e1ltat\u00e1s\u00e1hoz.<\/li>\n<\/ul>\n<p><img decoding=\"async\" class=\"alignnone wp-image-819 size-full lazyload\" data-src=\"https:\/\/villapaolija.com\/villapaolija\/wp-content\/uploads\/2025\/10\/Screenshot-2025-10-31-105055-e1761904505105.png\" alt=\"\u00e1rlista\" width=\"998\" height=\"567\" data-srcset=\"https:\/\/villapaolija.com\/villapaolija\/wp-content\/uploads\/2025\/10\/Screenshot-2025-10-31-105055-e1761904505105.png 998w, https:\/\/villapaolija.com\/villapaolija\/wp-content\/uploads\/2025\/10\/Screenshot-2025-10-31-105055-e1761904505105-300x170.png 300w, https:\/\/villapaolija.com\/villapaolija\/wp-content\/uploads\/2025\/10\/Screenshot-2025-10-31-105055-e1761904505105-768x436.png 768w, https:\/\/villapaolija.com\/villapaolija\/wp-content\/uploads\/2025\/10\/Screenshot-2025-10-31-105055-e1761904505105-18x10.png 18w\" data-sizes=\"(max-width: 998px) 100vw, 998px\" src=\"data:image\/gif;base64,R0lGODlhAQABAAAAACH5BAEKAAEALAAAAAABAAEAAAICTAEAOw==\" style=\"--smush-placeholder-width: 998px; --smush-placeholder-aspect-ratio: 998\/567;\" \/><\/p>\n<p>\u00a0<\/p>\n<p>A b\u00e9rbead\u00f3 az \u00c1FA t\u00f6rv\u00e9ny 22. \u00a7-\u00e1nak rendelkez\u00e9sei szerint nem k\u00f6teles \u00c1FA-t fizetni.<br \/>Az el\u0151re egyeztetett sz\u00e1m\u00fa \u00e9jszak\u00e1nak megfelel\u0151 \u00f6sszeget a sz\u00e1ll\u00e1s ig\u00e9nybev\u00e9tel\u00e9nek els\u0151 napj\u00e1n, az \u00e9rkez\u00e9skor azonnal ki kell fizetni, ellenkez\u0151 esetben a h\u00e1zigazda a vend\u00e9g szem\u00e9lyes okm\u00e1nyait (\u00fatlev\u00e9l, szem\u00e9lyi igazolv\u00e1ny stb.) a teljes fizet\u00e9sig meg\u0151rzi.<br \/>Minimum tart\u00f3zkod\u00e1s 3 nap.<br \/>2026.05.30. - 09.26. minimum tart\u00f3zkod\u00e1s 7 nap, \u00e9rkez\u00e9s-t\u00e1voz\u00e1s SZOMBAT.<br \/>Az \u00e1rlista 2026.01.01-t\u0151l \u00e9rv\u00e9nyes.<\/p>\n\n\n<p><\/p>\n\n\n\n<figure class=\"wp-block-gallery has-nested-images columns-default is-cropped wp-block-gallery-1 is-layout-flex wp-block-gallery-is-layout-flex\"><\/figure>\n\n\n\n<p><\/p>","protected":false},"excerpt":{"rendered":"<p>Cjenik i rezervacije Na ovoj stranici mo\u017eete pogledati cijene na\u0161ih apartmana i napraviti rezervaciju Apartmani su povr\u0161ine 65m2-110m2, svaki ima poseban ulaz, 2(dvije) ili 3(tri) spava\u0107e sobe, kuhinju, dnevni boravak i kupatilo s tu\u0161 kabinom i svoju terasu sa vlastitim ro\u0161tiljem &#8211; grilom. Svi su apartmani klimatizirani ili grijani sa centralnim grijanjem, imaju potpunu kuhinjsku [&hellip;]<\/p>\n","protected":false},"author":1,"featured_media":0,"parent":0,"menu_order":0,"comment_status":"closed","ping_status":"closed","template":"","meta":{"_breakdance_hide_in_design_set":false,"_breakdance_tags":"","footnotes":""},"class_list":["post-25","page","type-page","status-publish","hentry"],"yoast_head":"<!-- This site is optimized with the Yoast SEO Premium plugin v24.8 (Yoast SEO v27.2) - https:\/\/yoast.com\/product\/yoast-seo-premium-wordpress\/ -->\n<title>Cjenik i rezervacije - Villa Paolija - Apartmani s bazenom %<\/title>\n<meta name=\"robots\" content=\"index, follow, max-snippet:-1, max-image-preview:large, max-video-preview:-1\" \/>\n<link rel=\"canonical\" href=\"https:\/\/villapaolija.com\/hu\/foglalasi-arlista\/\" \/>\n<meta property=\"og:locale\" content=\"hu_HU\" \/>\n<meta property=\"og:type\" content=\"article\" \/>\n<meta property=\"og:title\" content=\"Cjenik i rezervacije\" \/>\n<meta property=\"og:description\" content=\"Cjenik i rezervacije Na ovoj stranici mo\u017eete pogledati cijene na\u0161ih apartmana i napraviti rezervaciju Apartmani su povr\u0161ine 65m2-110m2, svaki ima poseban ulaz, 2(dvije) ili 3(tri) spava\u0107e sobe, kuhinju, dnevni boravak i kupatilo s tu\u0161 kabinom i svoju terasu sa vlastitim ro\u0161tiljem &#8211; grilom. Svi su apartmani klimatizirani ili grijani sa centralnim grijanjem, imaju potpunu kuhinjsku [&hellip;]\" \/>\n<meta property=\"og:url\" content=\"https:\/\/villapaolija.com\/hu\/foglalasi-arlista\/\" \/>\n<meta property=\"og:site_name\" content=\"Villa Paolija - Apartmani s bazenom\" \/>\n<meta property=\"article:modified_time\" content=\"2025-10-31T09:55:26+00:00\" \/>\n<meta property=\"og:image\" content=\"https:\/\/villapaolija.com\/villapaolija\/wp-content\/uploads\/2025\/10\/Screenshot-2025-10-31-105055-e1761904505105.png\" \/>\n\t<meta property=\"og:image:width\" content=\"998\" \/>\n\t<meta property=\"og:image:height\" content=\"567\" \/>\n\t<meta property=\"og:image:type\" content=\"image\/png\" \/>\n<meta name=\"twitter:card\" content=\"summary_large_image\" \/>\n<meta name=\"twitter:label1\" content=\"Becs\u00fclt olvas\u00e1si id\u0151\" \/>\n\t<meta name=\"twitter:data1\" content=\"2 perc\" \/>\n<script type=\"application\/ld+json\" class=\"yoast-schema-graph\">{\"@context\":\"https:\/\/schema.org\",\"@graph\":[{\"@type\":\"WebPage\",\"@id\":\"https:\/\/villapaolija.com\/cjenik-rezervacije\/\",\"url\":\"https:\/\/villapaolija.com\/cjenik-rezervacije\/\",\"name\":\"Cjenik i rezervacije - Villa Paolija - Apartmani s bazenom %\",\"isPartOf\":{\"@id\":\"https:\/\/villapaolija.com\/#website\"},\"primaryImageOfPage\":{\"@id\":\"https:\/\/villapaolija.com\/cjenik-rezervacije\/#primaryimage\"},\"image\":{\"@id\":\"https:\/\/villapaolija.com\/cjenik-rezervacije\/#primaryimage\"},\"thumbnailUrl\":\"https:\/\/villapaolija.com\/villapaolija\/wp-content\/uploads\/2025\/10\/Screenshot-2025-10-31-105055-e1761904505105.png\",\"datePublished\":\"2025-02-18T17:58:05+00:00\",\"dateModified\":\"2025-10-31T09:55:26+00:00\",\"breadcrumb\":{\"@id\":\"https:\/\/villapaolija.com\/cjenik-rezervacije\/#breadcrumb\"},\"inLanguage\":\"hu\",\"potentialAction\":[{\"@type\":\"ReadAction\",\"target\":[\"https:\/\/villapaolija.com\/cjenik-rezervacije\/\"]}]},{\"@type\":\"ImageObject\",\"inLanguage\":\"hu\",\"@id\":\"https:\/\/villapaolija.com\/cjenik-rezervacije\/#primaryimage\",\"url\":\"https:\/\/villapaolija.com\/villapaolija\/wp-content\/uploads\/2025\/10\/Screenshot-2025-10-31-105055-e1761904505105.png\",\"contentUrl\":\"https:\/\/villapaolija.com\/villapaolija\/wp-content\/uploads\/2025\/10\/Screenshot-2025-10-31-105055-e1761904505105.png\"},{\"@type\":\"BreadcrumbList\",\"@id\":\"https:\/\/villapaolija.com\/cjenik-rezervacije\/#breadcrumb\",\"itemListElement\":[{\"@type\":\"ListItem\",\"position\":1,\"name\":\"Home\",\"item\":\"https:\/\/villapaolija.com\/\"},{\"@type\":\"ListItem\",\"position\":2,\"name\":\"Cjenik i rezervacije\"}]},{\"@type\":\"WebSite\",\"@id\":\"https:\/\/villapaolija.com\/#website\",\"url\":\"https:\/\/villapaolija.com\/\",\"name\":\"Villa Paolija - Apartmani s bazenom\",\"description\":\"Idealan odmor za cijelu obitelj u NOVIGRADU\",\"publisher\":{\"@id\":\"https:\/\/villapaolija.com\/#organization\"},\"potentialAction\":[{\"@type\":\"SearchAction\",\"target\":{\"@type\":\"EntryPoint\",\"urlTemplate\":\"https:\/\/villapaolija.com\/?s={search_term_string}\"},\"query-input\":{\"@type\":\"PropertyValueSpecification\",\"valueRequired\":true,\"valueName\":\"search_term_string\"}}],\"inLanguage\":\"hu\"},{\"@type\":\"Organization\",\"@id\":\"https:\/\/villapaolija.com\/#organization\",\"name\":\"Villa Paolija - Apartmani s bazenom\",\"url\":\"https:\/\/villapaolija.com\/\",\"logo\":{\"@type\":\"ImageObject\",\"inLanguage\":\"hu\",\"@id\":\"https:\/\/villapaolija.com\/#\/schema\/logo\/image\/\",\"url\":\"https:\/\/villapaolija.com\/villapaolija\/wp-content\/uploads\/2025\/02\/logo_vp_18.png\",\"contentUrl\":\"https:\/\/villapaolija.com\/villapaolija\/wp-content\/uploads\/2025\/02\/logo_vp_18.png\",\"width\":280,\"height\":85,\"caption\":\"Villa Paolija - Apartmani s bazenom\"},\"image\":{\"@id\":\"https:\/\/villapaolija.com\/#\/schema\/logo\/image\/\"}}]}<\/script>\n<!-- \/ Yoast SEO Premium plugin. -->","yoast_head_json":{"title":"\u00c1rlista \u00e9s foglal\u00e1s - Villa Paolija - Apartmanok medenc\u00e9vel %","robots":{"index":"index","follow":"follow","max-snippet":"max-snippet:-1","max-image-preview":"max-image-preview:large","max-video-preview":"max-video-preview:-1"},"canonical":"https:\/\/villapaolija.com\/hu\/foglalasi-arlista\/","og_locale":"hu_HU","og_type":"article","og_title":"Cjenik i rezervacije","og_description":"Cjenik i rezervacije Na ovoj stranici mo\u017eete pogledati cijene na\u0161ih apartmana i napraviti rezervaciju Apartmani su povr\u0161ine 65m2-110m2, svaki ima poseban ulaz, 2(dvije) ili 3(tri) spava\u0107e sobe, kuhinju, dnevni boravak i kupatilo s tu\u0161 kabinom i svoju terasu sa vlastitim ro\u0161tiljem &#8211; grilom. Svi su apartmani klimatizirani ili grijani sa centralnim grijanjem, imaju potpunu kuhinjsku [&hellip;]","og_url":"https:\/\/villapaolija.com\/hu\/foglalasi-arlista\/","og_site_name":"Villa Paolija - Apartmani s bazenom","article_modified_time":"2025-10-31T09:55:26+00:00","og_image":[{"width":998,"height":567,"url":"https:\/\/villapaolija.com\/villapaolija\/wp-content\/uploads\/2025\/10\/Screenshot-2025-10-31-105055-e1761904505105.png","type":"image\/png"}],"twitter_card":"summary_large_image","twitter_misc":{"Becs\u00fclt olvas\u00e1si id\u0151":"2 perc"},"schema":{"@context":"https:\/\/schema.org","@graph":[{"@type":"WebPage","@id":"https:\/\/villapaolija.com\/cjenik-rezervacije\/","url":"https:\/\/villapaolija.com\/cjenik-rezervacije\/","name":"\u00c1rlista \u00e9s foglal\u00e1s - Villa Paolija - Apartmanok medenc\u00e9vel %","isPartOf":{"@id":"https:\/\/villapaolija.com\/#website"},"primaryImageOfPage":{"@id":"https:\/\/villapaolija.com\/cjenik-rezervacije\/#primaryimage"},"image":{"@id":"https:\/\/villapaolija.com\/cjenik-rezervacije\/#primaryimage"},"thumbnailUrl":"https:\/\/villapaolija.com\/villapaolija\/wp-content\/uploads\/2025\/10\/Screenshot-2025-10-31-105055-e1761904505105.png","datePublished":"2025-02-18T17:58:05+00:00","dateModified":"2025-10-31T09:55:26+00:00","breadcrumb":{"@id":"https:\/\/villapaolija.com\/cjenik-rezervacije\/#breadcrumb"},"inLanguage":"hu","potentialAction":[{"@type":"ReadAction","target":["https:\/\/villapaolija.com\/cjenik-rezervacije\/"]}]},{"@type":"ImageObject","inLanguage":"hu","@id":"https:\/\/villapaolija.com\/cjenik-rezervacije\/#primaryimage","url":"https:\/\/villapaolija.com\/villapaolija\/wp-content\/uploads\/2025\/10\/Screenshot-2025-10-31-105055-e1761904505105.png","contentUrl":"https:\/\/villapaolija.com\/villapaolija\/wp-content\/uploads\/2025\/10\/Screenshot-2025-10-31-105055-e1761904505105.png"},{"@type":"BreadcrumbList","@id":"https:\/\/villapaolija.com\/cjenik-rezervacije\/#breadcrumb","itemListElement":[{"@type":"ListItem","position":1,"name":"Home","item":"https:\/\/villapaolija.com\/"},{"@type":"ListItem","position":2,"name":"Cjenik i rezervacije"}]},{"@type":"WebSite","@id":"https:\/\/villapaolija.com\/#website","url":"https:\/\/villapaolija.com\/","name":"Villa Paolija - Apartmanok medenc\u00e9vel","description":"Ide\u00e1lis nyaral\u00e1s az eg\u00e9sz csal\u00e1dnak NOVIGRADBAN","publisher":{"@id":"https:\/\/villapaolija.com\/#organization"},"potentialAction":[{"@type":"SearchAction","target":{"@type":"EntryPoint","urlTemplate":"https:\/\/villapaolija.com\/?s={search_term_string}"},"query-input":{"@type":"PropertyValueSpecification","valueRequired":true,"valueName":"search_term_string"}}],"inLanguage":"hu"},{"@type":"Organization","@id":"https:\/\/villapaolija.com\/#organization","name":"Villa Paolija - Apartmanok medenc\u00e9vel","url":"https:\/\/villapaolija.com\/","logo":{"@type":"ImageObject","inLanguage":"hu","@id":"https:\/\/villapaolija.com\/#\/schema\/logo\/image\/","url":"https:\/\/villapaolija.com\/villapaolija\/wp-content\/uploads\/2025\/02\/logo_vp_18.png","contentUrl":"https:\/\/villapaolija.com\/villapaolija\/wp-content\/uploads\/2025\/02\/logo_vp_18.png","width":280,"height":85,"caption":"Villa Paolija - Apartmani s bazenom"},"image":{"@id":"https:\/\/villapaolija.com\/#\/schema\/logo\/image\/"}}]}},"_links":{"self":[{"href":"https:\/\/villapaolija.com\/hu\/wp-json\/wp\/v2\/pages\/25","targetHints":{"allow":["GET"]}}],"collection":[{"href":"https:\/\/villapaolija.com\/hu\/wp-json\/wp\/v2\/pages"}],"about":[{"href":"https:\/\/villapaolija.com\/hu\/wp-json\/wp\/v2\/types\/page"}],"author":[{"embeddable":true,"href":"https:\/\/villapaolija.com\/hu\/wp-json\/wp\/v2\/users\/1"}],"replies":[{"embeddable":true,"href":"https:\/\/villapaolija.com\/hu\/wp-json\/wp\/v2\/comments?post=25"}],"version-history":[{"count":27,"href":"https:\/\/villapaolija.com\/hu\/wp-json\/wp\/v2\/pages\/25\/revisions"}],"predecessor-version":[{"id":821,"href":"https:\/\/villapaolija.com\/hu\/wp-json\/wp\/v2\/pages\/25\/revisions\/821"}],"wp:attachment":[{"href":"https:\/\/villapaolija.com\/hu\/wp-json\/wp\/v2\/media?parent=25"}],"curies":[{"name":"munkaf\u00fczet","href":"https:\/\/api.w.org\/{rel}","templated":true}]}}