{"id":3,"date":"2025-02-18T17:47:49","date_gmt":"2025-02-18T17:47:49","guid":{"rendered":"https:\/\/villapaolija.com\/villapaolija\/?page_id=3"},"modified":"2025-04-10T09:15:29","modified_gmt":"2025-04-10T09:15:29","slug":"sutik-adatvedelmi-iranyelvei","status":"publish","type":"page","link":"https:\/\/villapaolija.com\/hu\/sutik-adatvedelmi-iranyelvei\/","title":{"rendered":"Adatv\u00e9delmi \u00e9s s\u00fcti szab\u00e1lyzat"},"content":{"rendered":"<h2 class=\"wp-block-heading\" id=\"h-a-uvod\"><strong>A. Bevezet\u00e9s<\/strong><\/h2>\n\n\n\n<ol class=\"wp-block-list\">\n<li>Weboldalunk l\u00e1togat\u00f3inak adatainak v\u00e9delme nagyon fontos sz\u00e1munkra, \u00e9s nagyon komolyan vessz\u00fck. Ez a szab\u00e1lyzat ismerteti, hogy mit fogunk tenni az \u00d6n szem\u00e9lyes adataival.<\/li>\n\n\n\n<li>Azzal, hogy weboldalunk els\u0151 l\u00e1togat\u00e1sakor hozz\u00e1j\u00e1rul a s\u00fctik haszn\u00e1lat\u00e1hoz a jelen szab\u00e1lyzat felt\u00e9teleinek megfelel\u0151en, minden alkalommal hozz\u00e1j\u00e1rul ahhoz, hogy s\u00fctiket haszn\u00e1ljunk, amikor weboldalunkra l\u00e1togat.<\/li>\n<\/ol>\n\n\n\n<p><strong>B. \u00c9rdemi szempontok<\/strong><br>Ez a dokumentum a SEQ Legal (seqlegal.com) sablonja alapj\u00e1n k\u00e9sz\u00fclt, \u00e9s a VillaPaolija.com m\u00f3dos\u00edtotta.<\/p>\n\n\n\n<p><strong>C. Szem\u00e9lyes adatok gy\u0171jt\u00e9se<\/strong><\/p>\n\n\n\n<p>A k\u00f6vetkez\u0151 t\u00edpus\u00fa szem\u00e9lyes adatok gy\u0171jthet\u0151k, t\u00e1rolhat\u00f3k \u00e9s haszn\u00e1lhat\u00f3k fel:<\/p>\n\n\n\n<ol class=\"wp-block-list\">\n<li>inform\u00e1ci\u00f3k a sz\u00e1m\u00edt\u00f3g\u00e9p\u00e9r\u0151l, bele\u00e9rtve az IP-c\u00edm\u00e9t, a f\u00f6ldrajzi helymeghat\u00e1roz\u00e1st, a b\u00f6ng\u00e9sz\u0151 t\u00edpus\u00e1t \u00e9s verzi\u00f3j\u00e1t, valamint az oper\u00e1ci\u00f3s rendszert;<\/li>\n\n\n\n<li>inform\u00e1ci\u00f3k a weboldalon tett l\u00e1togat\u00e1sair\u00f3l \u00e9s haszn\u00e1lat\u00e1r\u00f3l, bele\u00e9rtve a hozz\u00e1f\u00e9r\u00e9s m\u00f3dj\u00e1t, a l\u00e1togat\u00e1s id\u0151tartam\u00e1t, a megtekintett oldalakat \u00e9s a weboldalra vezet\u0151 navig\u00e1ci\u00f3s \u00fatvonalakat;<\/li>\n\n\n\n<li>olyan inform\u00e1ci\u00f3k, mint p\u00e9ld\u00e1ul az e-mail c\u00edmed, amelyeket a weboldalunkon t\u00f6rt\u00e9n\u0151 regisztr\u00e1ci\u00f3 sor\u00e1n adsz meg;<\/li>\n\n\n\n<li>az \u00d6n \u00e1ltal a weboldalunkon profil l\u00e9trehoz\u00e1sakor megadott inform\u00e1ci\u00f3k \u2013 p\u00e9ld\u00e1ul a neve, profilk\u00e9pe, neme, sz\u00fclet\u00e9snapja, csal\u00e1di \u00e1llapota, \u00e9rdekl\u0151d\u00e9si k\u00f6re \u00e9s hobbijai, iskolai v\u00e9gzetts\u00e9g\u00e9re \u00e9s foglalkoztat\u00e1s\u00e1ra vonatkoz\u00f3 adatai;<\/li>\n\n\n\n<li>\u00a0olyan inform\u00e1ci\u00f3k, mint a neve \u00e9s az e-mail c\u00edme, amelyeket az e-mailjeinkre \u00e9s\/vagy h\u00edrleveleinkre val\u00f3 feliratkoz\u00e1shoz ad meg;<\/li>\n\n\n\n<li>\u00a0a weboldalunkon a szolg\u00e1ltat\u00e1sok haszn\u00e1lata sor\u00e1n megadott adatok;<\/li>\n\n\n\n<li>a weboldalunk haszn\u00e1lata sor\u00e1n keletkez\u0151 adatok, bele\u00e9rtve azt is, hogy mikor, milyen gyakran \u00e9s milyen k\u00f6r\u00fclm\u00e9nyek k\u00f6z\u00f6tt haszn\u00e1lja azt;<\/li>\n\n\n\n<li>\u00a0inform\u00e1ci\u00f3k a weboldalunkon kereszt\u00fcl v\u00e1s\u00e1rolt term\u00e9kekr\u0151l, ig\u00e9nybe vett szolg\u00e1ltat\u00e1sokr\u00f3l vagy v\u00e9grehajtott tranzakci\u00f3kr\u00f3l, bele\u00e9rtve a nev\u00e9t, c\u00edm\u00e9t, telefonsz\u00e1m\u00e1t, e-mail c\u00edm\u00e9t \u00e9s hitelk\u00e1rtyaadatait;<\/li>\n\n\n\n<li>az \u00d6n \u00e1ltal a weboldalunkon online k\u00f6zz\u00e9t\u00e9teli sz\u00e1nd\u00e9kkal k\u00f6zz\u00e9tett inform\u00e1ci\u00f3k, bele\u00e9rtve a felhaszn\u00e1l\u00f3nev\u00e9t, profilk\u00e9peit \u00e9s a bejegyz\u00e9seinek tartalm\u00e1t;<\/li>\n\n\n\n<li>\u00a0az e-mailben vagy a weboldalunkon kereszt\u00fcl k\u00fcld\u00f6tt kommunik\u00e1ci\u00f3ban tal\u00e1lhat\u00f3 adatok, bele\u00e9rtve a kommunik\u00e1ci\u00f3 tartalm\u00e1t \u00e9s metaadatait is;<\/li>\n\n\n\n<li>b\u00e1rmely m\u00e1s szem\u00e9lyes adat, amit elk\u00fcld nek\u00fcnk.<\/li>\n<\/ol>\n\n\n\n<p>Miel\u0151tt egy m\u00e1sik szem\u00e9ly szem\u00e9lyes adatait megosztan\u00e1 vel\u00fcnk, meg kell szereznie az adott szem\u00e9ly hozz\u00e1j\u00e1rul\u00e1s\u00e1t mind a szem\u00e9lyes adatok k\u00f6zl\u00e9s\u00e9hez, mind a jelen szab\u00e1lyzatoknak megfelel\u0151 feldolgoz\u00e1s\u00e1hoz.<\/p>\n\n\n\n<p><strong>D. Szem\u00e9lyes adatainak felhaszn\u00e1l\u00e1sa<\/strong><\/p>\n\n\n\n<p>A weboldalunkon kereszt\u00fcl megadott szem\u00e9lyes adatokat a jelen szab\u00e1lyzatban vagy a weboldal vonatkoz\u00f3 oldalain meghat\u00e1rozott c\u00e9lokra haszn\u00e1ljuk fel. Szem\u00e9lyes adatait a k\u00f6vetkez\u0151 c\u00e9lokra haszn\u00e1lhatjuk fel:<\/p>\n\n\n\n<ol class=\"wp-block-list\">\n<li>\u00a0weboldalunk \u00e9s \u00fczleti tev\u00e9kenys\u00e9g\u00fcnk adminisztr\u00e1l\u00e1sa;<\/li>\n\n\n\n<li>weboldalunk szem\u00e9lyre szab\u00e1sa az \u00d6n sz\u00e1m\u00e1ra;<\/li>\n\n\n\n<li>lehet\u0151v\u00e9 t\u00e9ve az \u00d6n sz\u00e1m\u00e1ra a weboldalunkon el\u00e9rhet\u0151 szolg\u00e1ltat\u00e1sok haszn\u00e1lat\u00e1t;<\/li>\n\n\n\n<li>\u00a0weboldalunkon kereszt\u00fcl v\u00e1s\u00e1rolt \u00e1ruk k\u00fcld\u00e9se;<\/li>\n\n\n\n<li>weboldalunkon kereszt\u00fcl v\u00e1s\u00e1rolt szolg\u00e1ltat\u00e1sok ny\u00fajt\u00e1sa;<\/li>\n\n\n\n<li>kimutat\u00e1sok, sz\u00e1ml\u00e1k \u00e9s fizet\u00e9si eml\u00e9keztet\u0151k k\u00fcld\u00e9se, valamint az \u00d6nt\u0151l befizetett \u00f6sszegek beszed\u00e9se<\/li>\n\n\n\n<li>nem kereskedelmi c\u00e9l\u00fa kommunik\u00e1ci\u00f3 k\u00fcld\u00e9se;<\/li>\n\n\n\n<li>\u00e9rtes\u00edt\u00e9sek k\u00fcld\u00e9se e-mailben, ha \u00d6n kifejezetten k\u00e9rte;<\/li>\n\n\n\n<li>h\u00edrlevel\u00fcnk elk\u00fcld\u00e9se \u00d6nnek, amennyiben k\u00e9rte (b\u00e1rmikor t\u00e1j\u00e9koztathat minket, ha m\u00e1r nincs sz\u00fcks\u00e9ge a h\u00edrlev\u00e9lre);<\/li>\n\n\n\n<li>\u00a0marketingkommunik\u00e1ci\u00f3 k\u00fcld\u00e9se \u00d6nnek, amely a mi \u00fczleti tev\u00e9kenys\u00e9g\u00fcnkkel vagy gondosan kiv\u00e1lasztott harmadik felek \u00fczleti tev\u00e9kenys\u00e9g\u00e9vel kapcsolatos, \u00e9s amelyr\u0151l \u00fagy gondoljuk, hogy \u00e9rdekelheti \u00d6nt, postai \u00faton, vagy ha \u00d6n kifejezetten hozz\u00e1j\u00e1rult ehhez, e-mailben vagy hasonl\u00f3 technol\u00f3gia \u00fatj\u00e1n (b\u00e1rmikor \u00e9rtes\u00edthet minket, ha m\u00e1r nincs sz\u00fcks\u00e9ge marketingkommunik\u00e1ci\u00f3ra);<\/li>\n\n\n\n<li>statisztikai adatokat szolg\u00e1ltatunk felhaszn\u00e1l\u00f3inkr\u00f3l harmadik feleknek (de ezek a harmadik felek nem lesznek k\u00e9pesek azonos\u00edtani egyetlen felhaszn\u00e1l\u00f3t sem ezekb\u0151l az adatokb\u00f3l);<\/li>\n\n\n\n<li>az \u00d6n \u00e1ltal vagy \u00d6nr\u0151l a weboldalunkkal kapcsolatban beny\u00fajtott megkeres\u00e9sek \u00e9s panaszok kezel\u00e9se;<\/li>\n\n\n\n<li>weboldalunk biztons\u00e1ga \u00e9s a csal\u00e1sok megel\u0151z\u00e9se;<\/li>\n\n\n\n<li>\u00a0a weboldalunk haszn\u00e1lat\u00e1t szab\u00e1lyoz\u00f3 felt\u00e9telek betart\u00e1s\u00e1nak ellen\u0151rz\u00e9se (bele\u00e9rtve a weboldalunk priv\u00e1t \u00fczenetk\u00fcld\u0151 szolg\u00e1ltat\u00e1s\u00e1n kereszt\u00fcl k\u00fcld\u00f6tt priv\u00e1t \u00fczenetek figyel\u00e9s\u00e9t is); \u00e9s<\/li>\n\n\n\n<li>egy\u00e9b alkalmaz\u00e1sok.<\/li>\n<\/ol>\n\n\n\n<p>Ha szem\u00e9lyes adatokat k\u00fcld be weboldalunkon val\u00f3 k\u00f6zz\u00e9t\u00e9tel c\u00e9lj\u00e1b\u00f3l, azokat az \u00d6n \u00e1ltal megadott enged\u00e9lynek megfelel\u0151en tessz\u00fck k\u00f6zz\u00e9 \u00e9s haszn\u00e1ljuk fel. Az adatv\u00e9delmi be\u00e1ll\u00edt\u00e1saival korl\u00e1tozhatja adatai weboldalunkon val\u00f3 k\u00f6zz\u00e9t\u00e9tel\u00e9t, \u00e9s ezeket a be\u00e1ll\u00edt\u00e1sokat a weboldal adatv\u00e9delmi vez\u00e9rl\u0151ivel m\u00f3dos\u00edthatja. Az \u00d6n kifejezett hozz\u00e1j\u00e1rul\u00e1sa n\u00e9lk\u00fcl nem adjuk \u00e1t szem\u00e9lyes adatait harmadik f\u00e9lnek saj\u00e1t vagy k\u00f6zvetlen \u00fczletszerz\u00e9si c\u00e9lokra.<\/p>\n\n\n\n<p><strong>E. Szem\u00e9lyes adatok nyilv\u00e1noss\u00e1gra hozatala<\/strong><\/p>\n\n\n\n<p>A jelen szab\u00e1lyzatban meghat\u00e1rozott \u00e9sszer\u0171 c\u00e9lokb\u00f3l kiadhatjuk szem\u00e9lyes adatait b\u00e1rmely alkalmazottunknak, tisztvisel\u0151nknek, biztos\u00edt\u00f3nknak, szakmai tan\u00e1csad\u00f3nknak, \u00fcgyn\u00f6k\u00fcnknek, besz\u00e1ll\u00edt\u00f3nknak vagy gy\u00e1rt\u00f3nknak. A jelen szab\u00e1lyzatban meghat\u00e1rozott \u00e9sszer\u0171 c\u00e9lokb\u00f3l kiadhatjuk szem\u00e9lyes adatait v\u00e1llalatcsoportunk b\u00e1rmely tagj\u00e1nak (ide\u00e9rtve le\u00e1nyv\u00e1llalatainkat, a v\u00e9gs\u0151 holdingt\u00e1rsas\u00e1gunkat \u00e9s annak b\u00e1rmely le\u00e1nyv\u00e1llalat\u00e1t). Szem\u00e9lyes adatait a k\u00f6vetkez\u0151k miatt adhatjuk ki:<\/p>\n\n\n\n<ol class=\"wp-block-list\">\n<li>amennyiben erre t\u00f6rv\u00e9ny k\u00f6telez minket;<\/li>\n\n\n\n<li>b\u00e1rmely folyamatban l\u00e9v\u0151 vagy j\u00f6v\u0151beni jogi elj\u00e1r\u00e1ssal kapcsolatban;<\/li>\n\n\n\n<li>t\u00f6rv\u00e9nyes jogaink meg\u00e1llap\u00edt\u00e1sa, gyakorl\u00e1sa vagy v\u00e9delme \u00e9rdek\u00e9ben (bele\u00e9rtve az inform\u00e1ci\u00f3k m\u00e1soknak t\u00f6rt\u00e9n\u0151 \u00e1tad\u00e1s\u00e1t a csal\u00e1s megel\u0151z\u00e9se \u00e9s a hitelkock\u00e1zat cs\u00f6kkent\u00e9se \u00e9rdek\u00e9ben);<\/li>\n\n\n\n<li>az \u00e1ltalunk eladott vagy eladni tervezett \u00fczleti vagy eszk\u00f6z vev\u0151j\u00e9nek (vagy potenci\u00e1lis vev\u0151j\u00e9nek); \u00e9s<\/li>\n\n\n\n<li>b\u00e1rmely olyan szem\u00e9lynek, akir\u0151l \u00e9szszer\u0171 felt\u00e9telez\u00e9s\u00fcnk szerint b\u00edr\u00f3s\u00e1ghoz vagy m\u00e1s illet\u00e9kes hat\u00f3s\u00e1ghoz fordulhat a szem\u00e9lyes adatok nyilv\u00e1noss\u00e1gra hozatala \u00e9rdek\u00e9ben, \u00e9s amennyiben \u00e9szszer\u0171 v\u00e9lem\u00e9ny\u00fcnk szerint az ilyen b\u00edr\u00f3s\u00e1g vagy hat\u00f3s\u00e1g val\u00f3sz\u00edn\u0171leg elrendeln\u00e9 a szem\u00e9lyes adatok nyilv\u00e1noss\u00e1gra hozatal\u00e1t.<\/li>\n<\/ol>\n\n\n\n<p>A jelen szab\u00e1lyzatban foglaltak kiv\u00e9tel\u00e9vel szem\u00e9lyes adatait harmadik f\u00e9lnek nem adjuk \u00e1t.<\/p>\n\n\n\n<p><strong>F. Nemzetk\u00f6zi adattov\u00e1bb\u00edt\u00e1s<\/strong><\/p>\n\n\n\n<ol class=\"wp-block-list\">\n<li>Az \u00e1ltalunk gy\u0171jt\u00f6tt inform\u00e1ci\u00f3kat t\u00e1rolhatjuk, feldolgozhatjuk \u00e9s tov\u00e1bb\u00edthatjuk b\u00e1rmely olyan orsz\u00e1g k\u00f6z\u00f6tt, ahol m\u0171k\u00f6d\u00fcnk, hogy az inform\u00e1ci\u00f3kat ezen ir\u00e1nyelvekkel \u00f6sszhangban haszn\u00e1lhassuk fel.<\/li>\n\n\n\n<li>Az \u00e1ltalunk gy\u0171jt\u00f6tt inform\u00e1ci\u00f3k a k\u00f6vetkez\u0151 orsz\u00e1gokba tov\u00e1bb\u00edthat\u00f3k, amelyek nem rendelkeznek az Eur\u00f3pai Gazdas\u00e1gi T\u00e9rs\u00e9gben hat\u00e1lyos adatv\u00e9delmi t\u00f6rv\u00e9nyekkel egyen\u00e9rt\u00e9k\u0171 t\u00f6rv\u00e9nyekkel: Amerikai Egyes\u00fclt \u00c1llamok, Oroszorsz\u00e1g, Jap\u00e1n, K\u00edna \u00e9s India.<\/li>\n\n\n\n<li>A weboldalunkon k\u00f6zz\u00e9tett vagy k\u00f6zz\u00e9t\u00e9telre beny\u00fajtott szem\u00e9lyes adatok vil\u00e1gszerte el\u00e9rhet\u0151k lehetnek az interneten kereszt\u00fcl. Nem tudjuk megakad\u00e1lyozni, hogy m\u00e1sok felhaszn\u00e1lj\u00e1k vagy vissza\u00e9ljenek az ilyen inform\u00e1ci\u00f3kkal.<\/li>\n\n\n\n<li>\u00d6n kifejezetten hozz\u00e1j\u00e1rul a szem\u00e9lyes adatok jelen F. szakaszban le\u00edrt tov\u00e1bb\u00edt\u00e1s\u00e1hoz.<\/li>\n<\/ol>\n\n\n\n<p><strong>G. Szem\u00e9lyes adatok meg\u0151rz\u00e9se<\/strong><\/p>\n\n\n\n<ol class=\"wp-block-list\">\n<li>Ez a G. szakasz ismerteti adatmeg\u0151rz\u00e9si szab\u00e1lyzatainkat \u00e9s elj\u00e1r\u00e1sainkat, amelyek c\u00e9lja a szem\u00e9lyes adatok meg\u0151rz\u00e9s\u00e9re \u00e9s t\u00f6rl\u00e9s\u00e9re vonatkoz\u00f3 jogi k\u00f6telezetts\u00e9geink betart\u00e1s\u00e1nak biztos\u00edt\u00e1sa.<\/li>\n\n\n\n<li>A b\u00e1rmilyen c\u00e9lb\u00f3l vagy c\u00e9lokb\u00f3l feldolgozott szem\u00e9lyes adatokat nem t\u00e1roljuk tov\u00e1bb, mint amennyi az adott c\u00e9l vagy c\u00e9lok el\u00e9r\u00e9s\u00e9hez sz\u00fcks\u00e9ges.<\/li>\n<\/ol>\n\n\n\n<p><strong>H. Szem\u00e9lyes adatainak biztons\u00e1ga<\/strong><\/p>\n\n\n\n<ol class=\"wp-block-list\">\n<li>\u00c9sszer\u0171 technikai \u00e9s szervez\u00e9si int\u00e9zked\u00e9seket tesz\u00fcnk szem\u00e9lyes adatai elveszt\u00e9s\u00e9nek, vissza\u00e9l\u00e9s\u00e9nek vagy megv\u00e1ltoztat\u00e1s\u00e1nak megakad\u00e1lyoz\u00e1sa \u00e9rdek\u00e9ben.<\/li>\n\n\n\n<li>Az \u00d6n \u00e1ltal megadott \u00f6sszes szem\u00e9lyes adatot biztons\u00e1gos (jelsz\u00f3val \u00e9s t\u0171zfallal v\u00e9dett) szervereinken t\u00e1roljuk.<\/li>\n\n\n\n<li>Weboldalunkon kereszt\u00fcl v\u00e9grehajtott \u00f6sszes elektronikus p\u00e9nz\u00fcgyi tranzakci\u00f3t titkos\u00edt\u00e1si technol\u00f3gi\u00e1val v\u00e9d\u00fcnk.<\/li>\n\n\n\n<li>\u00d6n tudom\u00e1sul veszi, hogy az interneten kereszt\u00fcli inform\u00e1ci\u00f3\u00e1tvitel eleve nem biztons\u00e1gos, \u00e9s hogy nem tudjuk garant\u00e1lni az interneten k\u00fcld\u00f6tt adatok biztons\u00e1g\u00e1t.<\/li>\n\n\n\n<li>\u00d6n felel\u0151s a weboldalunk el\u00e9r\u00e9s\u00e9hez haszn\u00e1lt jelsz\u00f3 bizalmas kezel\u00e9s\u00e9\u00e9rt; nem fogjuk k\u00e9rni \u00d6nt\u0151l a jelszav\u00e1t (kiv\u00e9ve, amikor bejelentkezik weboldalunkra).<\/li>\n<\/ol>\n\n\n\n<p><strong>I. M\u00f3dos\u00edt\u00e1sok \u00e9s kieg\u00e9sz\u00edt\u00e9sek<\/strong><\/p>\n\n\n\n<p>Id\u0151r\u0151l id\u0151re friss\u00edthetj\u00fck ezt a szab\u00e1lyzatot egy \u00faj verzi\u00f3 weboldalunkon t\u00f6rt\u00e9n\u0151 k\u00f6zz\u00e9t\u00e9tel\u00e9vel.<br>K\u00e9rj\u00fck, rendszeresen ellen\u0151rizze ezt az oldalt, hogy biztosan meg\u00e9rtse a szab\u00e1lyzat v\u00e1ltoz\u00e1sait. A szab\u00e1lyzat v\u00e1ltoz\u00e1sair\u00f3l e-mailben vagy weboldalunkon tal\u00e1lhat\u00f3 priv\u00e1t \u00fczenetk\u00fcld\u0151 rendszeren kereszt\u00fcl \u00e9rtes\u00edthetj\u00fck \u00d6nt.<\/p>\n\n\n\n<p><strong>J. Az \u00d6n jogai<\/strong><\/p>\n\n\n\n<p>Utas\u00edthat minket arra, hogy \u00e1tadjuk \u00d6nnek az \u00d6nr\u0151l t\u00e1rolt szem\u00e9lyes adatokat.<\/p>\n\n\n\n<p>A t\u00f6rv\u00e9ny \u00e1ltal megengedett m\u00e9rt\u00e9kben meg\u0151rizhetj\u00fck az \u00d6n \u00e1ltal k\u00e9rt szem\u00e9lyes adatokat. \u00d6n b\u00e1rmikor utas\u00edthat minket, hogy ne dolgozzuk fel szem\u00e9lyes adatait marketing c\u00e9lokra. A gyakorlatban vagy kifejezetten hozz\u00e1j\u00e1rul ahhoz, hogy szem\u00e9lyes adatait marketing c\u00e9lokra felhaszn\u00e1ljuk, vagy lehet\u0151s\u00e9get biztos\u00edtunk \u00d6nnek arra, hogy kil\u00e9pjen a szem\u00e9lyes adatainak marketing c\u00e9lokra t\u00f6rt\u00e9n\u0151 felhaszn\u00e1l\u00e1s\u00e1b\u00f3l.<\/p>\n\n\n\n<p><strong>K. Harmadik f\u00e9l weboldalai<\/strong><\/p>\n\n\n\n<p>Weboldalunk harmadik felek weboldalaira mutat\u00f3 hiperhivatkoz\u00e1sokat \u00e9s azok adatait tartalmazza. Nincs befoly\u00e1sunk a harmadik felek adatv\u00e9delmi ir\u00e1nyelveire \u00e9s gyakorlat\u00e1ra, \u00e9s nem v\u00e1llalunk felel\u0151ss\u00e9get \u00e9rt\u00fck.<\/p>\n\n\n\n<p><strong>L. Adatok friss\u00edt\u00e9se<\/strong><\/p>\n\n\n\n<p>K\u00e9rj\u00fck, jelezze fel\u00e9nk, ha a r\u00f3lunk t\u00e1rolt szem\u00e9lyes adatait helyesb\u00edteni vagy friss\u00edteni kell.<\/p>\n\n\n\n<p><strong>M. S\u00fctik<\/strong><\/p>\n\n\n\n<p>Weboldalunk s\u00fctiket haszn\u00e1l. A s\u00fcti egy olyan f\u00e1jl, amely egy azonos\u00edt\u00f3t (bet\u0171kb\u0151l \u00e9s sz\u00e1mokb\u00f3l \u00e1ll\u00f3 karakterl\u00e1ncot) tartalmaz, amelyet a webszerver k\u00fcld a webb\u00f6ng\u00e9sz\u0151nek, \u00e9s a b\u00f6ng\u00e9sz\u0151ben t\u00e1rol. Az azonos\u00edt\u00f3t ezut\u00e1n minden alkalommal visszak\u00fcldi a szervernek, amikor a b\u00f6ng\u00e9sz\u0151 egy oldalt k\u00e9r le a szervert\u0151l. A s\u00fctik lehetnek \u201e\u00e1lland\u00f3\u201d vagy \u201emunkamenet\u201d s\u00fctik: az \u00e1lland\u00f3 s\u00fcti a webb\u00f6ng\u00e9sz\u0151ben t\u00e1rol\u00f3dik, \u00e9s egy adott lej\u00e1rati d\u00e1tumig \u00e9rv\u00e9nyes marad, kiv\u00e9ve, ha a felhaszn\u00e1l\u00f3 a hat\u00e1rid\u0151 el\u0151tt t\u00f6rli azt; M\u00e1sr\u00e9szt a munkamenet s\u00fcti a felhaszn\u00e1l\u00f3i munkamenet v\u00e9g\u00e9n lej\u00e1r, amikor a webb\u00f6ng\u00e9sz\u0151 bez\u00e1rul. A s\u00fctik \u00e1ltal\u00e1ban nem tartalmaznak olyan inform\u00e1ci\u00f3kat, amelyek szem\u00e9lyesen azonos\u00edtan\u00e1k a felhaszn\u00e1l\u00f3t, de az \u00d6nr\u0151l t\u00e1rolt szem\u00e9lyes adatok \u00f6sszekapcsolhat\u00f3k a s\u00fcti \u00e1ltal t\u00e1rolt \u00e9s megszerzett inform\u00e1ci\u00f3kkal. Weboldalunkon munkamenet \u00e9s \u00e1lland\u00f3 s\u00fctiket haszn\u00e1lunk.<\/p>\n\n\n\n<ol class=\"wp-block-list\">\n<li>Az al\u00e1bbiakban felsoroljuk a weboldalunkon haszn\u00e1lt s\u00fctik nev\u00e9t \u00e9s felhaszn\u00e1l\u00e1si c\u00e9ljait:\n<ol class=\"wp-block-list\">\n<li>Weboldalunkon a Google Analytics \u00e9s az Adwords szolg\u00e1ltat\u00e1sait haszn\u00e1ljuk a sz\u00e1m\u00edt\u00f3g\u00e9p felismer\u00e9s\u00e9re, amikor a felhaszn\u00e1l\u00f3 megl\u00e1togatja a weboldalt \/ a felhaszn\u00e1l\u00f3k nyomon k\u00f6vet\u00e9s\u00e9re, ahogy a weboldalon mozognak \/ a bev\u00e1s\u00e1rl\u00f3kos\u00e1r haszn\u00e1lat\u00e1nak lehet\u0151v\u00e9 t\u00e9tel\u00e9re a weboldalon \/ a weboldal haszn\u00e1lhat\u00f3s\u00e1g\u00e1nak jav\u00edt\u00e1s\u00e1ra \/ a weboldal haszn\u00e1lat\u00e1nak elemz\u00e9s\u00e9re \/ a weboldal adminisztr\u00e1l\u00e1s\u00e1ra \/ a csal\u00e1sok megel\u0151z\u00e9se \u00e9s a weboldal biztons\u00e1g\u00e1nak jav\u00edt\u00e1s\u00e1ra \/ a weboldal szem\u00e9lyre szab\u00e1s\u00e1ra minden felhaszn\u00e1l\u00f3 sz\u00e1m\u00e1ra \/ c\u00e9lzott hirdet\u00e9sek megjelen\u00edt\u00e9s\u00e9re, amelyek bizonyos felhaszn\u00e1l\u00f3k sz\u00e1m\u00e1ra k\u00fcl\u00f6n\u00f6sen \u00e9rdekesek lehetnek \/ le\u00edrt c\u00e9l (e)};<\/li>\n<\/ol>\n<\/li>\n\n\n\n<li>A legt\u00f6bb b\u00f6ng\u00e9sz\u0151 lehet\u0151v\u00e9 teszi a s\u00fctik elfogad\u00e1s\u00e1nak elutas\u00edt\u00e1s\u00e1t \u2013 p\u00e9ld\u00e1ul:\n<ol class=\"wp-block-list\">\n<li>Az Internet Explorerben (10-es verzi\u00f3) blokkolhatja a s\u00fctiket a s\u00fctikezel\u00e9s fel\u00fclb\u00edr\u00e1l\u00e1si be\u00e1ll\u00edt\u00e1saival, amelyek az \u201eEszk\u00f6z\u00f6k\u201d, \u201eInternetbe\u00e1ll\u00edt\u00e1sok\u201d, \u201eAdatv\u00e9delem\u201d, majd a \u201eSpeci\u00e1lis\u201d men\u00fcpontra kattintva \u00e9rhet\u0151k el.<\/li>\n\n\n\n<li>a Firefoxban (24-es verzi\u00f3) pedig az \u00f6sszes s\u00fctit blokkolhatja az \u201eEszk\u00f6z\u00f6k\u201d, \u201eBe\u00e1ll\u00edt\u00e1sok\u201d, \u201eAdatv\u00e9delem\u201d men\u00fcpontra kattintva, a leg\u00f6rd\u00fcl\u0151 men\u00fcb\u0151l kiv\u00e1lasztva az \u201eEgy\u00e9ni be\u00e1ll\u00edt\u00e1sok haszn\u00e1lata az el\u0151zm\u00e9nyekhez\u201d lehet\u0151s\u00e9get, \u00e9s kikapcsolva a \u201eS\u00fctik elfogad\u00e1sa webhelyekr\u0151l\u201d jel\u00f6l\u0151n\u00e9gyzetet; \u00e9s<\/li>\n\n\n\n<li>A Chrome-ban (29-es verzi\u00f3) blokkolhatja az \u00f6sszes s\u00fctit a \u201eTestreszab\u00e1s \u00e9s vez\u00e9rl\u00e9s\u201d men\u00fc \u201eBe\u00e1ll\u00edt\u00e1sok\u201d, \u201eSpeci\u00e1lis be\u00e1ll\u00edt\u00e1sok megjelen\u00edt\u00e9se\u201d \u00e9s \u201eTartalombe\u00e1ll\u00edt\u00e1sok\u201d men\u00fcpontj\u00e1ban, majd a \u201eS\u00fctik\u201d c\u00edmsz\u00f3 alatt a \u201eWebhelyek adatment\u00e9s\u00e9nek blokkol\u00e1sa\u201d lehet\u0151s\u00e9g kiv\u00e1laszt\u00e1s\u00e1val.<\/li>\n<\/ol>\n<\/li>\n<\/ol>\n\n\n\n<p>Az \u00f6sszes s\u00fcti blokkol\u00e1sa negat\u00edvan befoly\u00e1solja sz\u00e1mos weboldal haszn\u00e1lhat\u00f3s\u00e1g\u00e1t. Ha blokkolja a s\u00fctiket, nem fogja tudni haszn\u00e1lni weboldalunk \u00f6sszes funkci\u00f3j\u00e1t.<\/p>\n\n\n\n<ol start=\"3\" class=\"wp-block-list\">\n<li>T\u00f6r\u00f6lheti a sz\u00e1m\u00edt\u00f3g\u00e9p\u00e9n m\u00e1r t\u00e1rolt s\u00fctiket \u2013 p\u00e9ld\u00e1ul:\n<ol class=\"wp-block-list\">\n<li>Az Internet Explorerben (10-es verzi\u00f3) manu\u00e1lisan kell t\u00f6r\u00f6lnie a s\u00fctif\u00e1jlokat (err\u0151l a k\u00f6vetkez\u0151 c\u00edmen tal\u00e1l utas\u00edt\u00e1sokat):<a href=\"http:\/\/support.microsoft.com\/kb\/278835\">\u00a0http:\/\/support.microsoft.com\/kb\/278835<\/a>\u00a0);<\/li>\n\n\n\n<li>A Firefoxban (24-es verzi\u00f3) a s\u00fctiket az \u201eEszk\u00f6z\u00f6k\u201d, \u201eBe\u00e1ll\u00edt\u00e1sok\u201d \u00e9s az \u201eAdatv\u00e9delem\u201d men\u00fcpontra kattintva t\u00f6r\u00f6lheti, majd kiv\u00e1laszthatja az \u201eEgy\u00e9ni be\u00e1ll\u00edt\u00e1sok haszn\u00e1lata az el\u0151zm\u00e9nyekhez\u201d lehet\u0151s\u00e9get, a \u201eS\u00fctik megjelen\u00edt\u00e9se\u201d lehet\u0151s\u00e9get, v\u00e9g\u00fcl pedig az \u201e\u00d6sszes s\u00fcti elt\u00e1vol\u00edt\u00e1sa\u201d lehet\u0151s\u00e9get v\u00e1lasztva.<\/li>\n\n\n\n<li>A Chrome-ban (29-es verzi\u00f3) az \u00f6sszes s\u00fctit t\u00f6r\u00f6lheti a \u201eTestreszab\u00e1s \u00e9s vez\u00e9rl\u00e9s\u201d men\u00fcben a \u201eBe\u00e1ll\u00edt\u00e1sok\u201d, \u201eSpeci\u00e1lis\u201d \u00e9s \u201eB\u00f6ng\u00e9sz\u00e9si adatok t\u00f6rl\u00e9se\u201d lehet\u0151s\u00e9gre kattintva, majd a \u201eB\u00f6ng\u00e9sz\u00e9si adatok t\u00f6rl\u00e9se\u201d lehet\u0151s\u00e9gre kattintva a \u201eS\u00fctik \u00e9s egy\u00e9b webhelyek \u00e9s b\u0151v\u00edtm\u00e9nyek t\u00f6rl\u00e9se\u201d lehet\u0151s\u00e9get v\u00e1lasztva.<\/li>\n<\/ol>\n<\/li>\n\n\n\n<li>A s\u00fctik t\u00f6rl\u00e9se sz\u00e1mos weboldal haszn\u00e1lhat\u00f3s\u00e1g\u00e1t negat\u00edvan befoly\u00e1solja.<\/li>\n<\/ol>\n\n\n\n<p>Minden k\u00e9rd\u00e9ssel \u00e9s adatt\u00f6rl\u00e9ssel kapcsolatban k\u00e9rj\u00fck, vegye fel vel\u00fcnk a kapcsolatot a k\u00f6vetkez\u0151 c\u00edmen:\u00a0<a href=\"https:\/\/villapaolija.com\/hu\/villapaolija\/erintkezes\/\">\u00c9RINTKEZ\u00c9S<\/a>\u00a0oldal.<\/p>","protected":false},"excerpt":{"rendered":"<p>A. Uvod B. ZaslugeOvaj je dokument stvoren pomo\u0107u predlo\u0161ka od SEQ Legal (seqlegal.com) i modificiran od VillaPaolija.com C. Prikupljanje osobnih podataka Sljede\u0107e vrste osobnih podataka mogu se prikupljati, pohranjivati i koristiti: Prije nego \u0161to nam otkrijete osobne podatke druge osobe, morate dobiti pristanak te osobe kako za otkrivanje, tako i za obradu tih osobnih podataka [&hellip;]<\/p>\n","protected":false},"author":1,"featured_media":0,"parent":0,"menu_order":0,"comment_status":"closed","ping_status":"open","template":"","meta":{"_breakdance_hide_in_design_set":false,"_breakdance_tags":"","footnotes":""},"class_list":["post-3","page","type-page","status-publish","hentry"],"yoast_head":"<!-- This site is optimized with the Yoast SEO Premium plugin v24.8 (Yoast SEO v27.2) - https:\/\/yoast.com\/product\/yoast-seo-premium-wordpress\/ -->\n<title>Politika privatnosti i kola\u010di\u0107a - Villa Paolija - Apartmani s bazenom<\/title>\n<meta name=\"robots\" content=\"index, follow, max-snippet:-1, max-image-preview:large, max-video-preview:-1\" \/>\n<link rel=\"canonical\" href=\"https:\/\/villapaolija.com\/hu\/sutik-adatvedelmi-iranyelvei\/\" \/>\n<meta property=\"og:locale\" content=\"hu_HU\" \/>\n<meta property=\"og:type\" content=\"article\" \/>\n<meta property=\"og:title\" content=\"Politika privatnosti i kola\u010di\u0107a\" \/>\n<meta property=\"og:description\" content=\"A. Uvod B. ZaslugeOvaj je dokument stvoren pomo\u0107u predlo\u0161ka od SEQ Legal (seqlegal.com) i modificiran od VillaPaolija.com C. Prikupljanje osobnih podataka Sljede\u0107e vrste osobnih podataka mogu se prikupljati, pohranjivati i koristiti: Prije nego \u0161to nam otkrijete osobne podatke druge osobe, morate dobiti pristanak te osobe kako za otkrivanje, tako i za obradu tih osobnih podataka [&hellip;]\" \/>\n<meta property=\"og:url\" content=\"https:\/\/villapaolija.com\/hu\/sutik-adatvedelmi-iranyelvei\/\" \/>\n<meta property=\"og:site_name\" content=\"Villa Paolija - Apartmani s bazenom\" \/>\n<meta property=\"article:modified_time\" content=\"2025-04-10T09:15:29+00:00\" \/>\n<meta name=\"twitter:card\" content=\"summary_large_image\" \/>\n<meta name=\"twitter:label1\" content=\"Becs\u00fclt olvas\u00e1si id\u0151\" \/>\n\t<meta name=\"twitter:data1\" content=\"3 perc\" \/>\n<script type=\"application\/ld+json\" class=\"yoast-schema-graph\">{\"@context\":\"https:\/\/schema.org\",\"@graph\":[{\"@type\":\"WebPage\",\"@id\":\"https:\/\/villapaolija.com\/politika-privatnosti-kolacica\/\",\"url\":\"https:\/\/villapaolija.com\/politika-privatnosti-kolacica\/\",\"name\":\"Politika privatnosti i kola\u010di\u0107a - Villa Paolija - Apartmani s bazenom\",\"isPartOf\":{\"@id\":\"https:\/\/villapaolija.com\/#website\"},\"datePublished\":\"2025-02-18T17:47:49+00:00\",\"dateModified\":\"2025-04-10T09:15:29+00:00\",\"breadcrumb\":{\"@id\":\"https:\/\/villapaolija.com\/politika-privatnosti-kolacica\/#breadcrumb\"},\"inLanguage\":\"hu\",\"potentialAction\":[{\"@type\":\"ReadAction\",\"target\":[\"https:\/\/villapaolija.com\/politika-privatnosti-kolacica\/\"]}]},{\"@type\":\"BreadcrumbList\",\"@id\":\"https:\/\/villapaolija.com\/politika-privatnosti-kolacica\/#breadcrumb\",\"itemListElement\":[{\"@type\":\"ListItem\",\"position\":1,\"name\":\"Home\",\"item\":\"https:\/\/villapaolija.com\/\"},{\"@type\":\"ListItem\",\"position\":2,\"name\":\"Politika privatnosti i kola\u010di\u0107a\"}]},{\"@type\":\"WebSite\",\"@id\":\"https:\/\/villapaolija.com\/#website\",\"url\":\"https:\/\/villapaolija.com\/\",\"name\":\"Villa Paolija - Apartmani s bazenom\",\"description\":\"Idealan odmor za cijelu obitelj u NOVIGRADU\",\"publisher\":{\"@id\":\"https:\/\/villapaolija.com\/#organization\"},\"potentialAction\":[{\"@type\":\"SearchAction\",\"target\":{\"@type\":\"EntryPoint\",\"urlTemplate\":\"https:\/\/villapaolija.com\/?s={search_term_string}\"},\"query-input\":{\"@type\":\"PropertyValueSpecification\",\"valueRequired\":true,\"valueName\":\"search_term_string\"}}],\"inLanguage\":\"hu\"},{\"@type\":\"Organization\",\"@id\":\"https:\/\/villapaolija.com\/#organization\",\"name\":\"Villa Paolija - Apartmani s bazenom\",\"url\":\"https:\/\/villapaolija.com\/\",\"logo\":{\"@type\":\"ImageObject\",\"inLanguage\":\"hu\",\"@id\":\"https:\/\/villapaolija.com\/#\/schema\/logo\/image\/\",\"url\":\"https:\/\/villapaolija.com\/villapaolija\/wp-content\/uploads\/2025\/02\/logo_vp_18.png\",\"contentUrl\":\"https:\/\/villapaolija.com\/villapaolija\/wp-content\/uploads\/2025\/02\/logo_vp_18.png\",\"width\":280,\"height\":85,\"caption\":\"Villa Paolija - Apartmani s bazenom\"},\"image\":{\"@id\":\"https:\/\/villapaolija.com\/#\/schema\/logo\/image\/\"}}]}<\/script>\n<!-- \/ Yoast SEO Premium plugin. -->","yoast_head_json":{"title":"Adatv\u00e9delmi \u00e9s s\u00fcti szab\u00e1lyzat - Villa Paolija - Apartmanok medenc\u00e9vel","robots":{"index":"index","follow":"follow","max-snippet":"max-snippet:-1","max-image-preview":"max-image-preview:large","max-video-preview":"max-video-preview:-1"},"canonical":"https:\/\/villapaolija.com\/hu\/sutik-adatvedelmi-iranyelvei\/","og_locale":"hu_HU","og_type":"article","og_title":"Politika privatnosti i kola\u010di\u0107a","og_description":"A. Uvod B. ZaslugeOvaj je dokument stvoren pomo\u0107u predlo\u0161ka od SEQ Legal (seqlegal.com) i modificiran od VillaPaolija.com C. Prikupljanje osobnih podataka Sljede\u0107e vrste osobnih podataka mogu se prikupljati, pohranjivati i koristiti: Prije nego \u0161to nam otkrijete osobne podatke druge osobe, morate dobiti pristanak te osobe kako za otkrivanje, tako i za obradu tih osobnih podataka [&hellip;]","og_url":"https:\/\/villapaolija.com\/hu\/sutik-adatvedelmi-iranyelvei\/","og_site_name":"Villa Paolija - Apartmani s bazenom","article_modified_time":"2025-04-10T09:15:29+00:00","twitter_card":"summary_large_image","twitter_misc":{"Becs\u00fclt olvas\u00e1si id\u0151":"3 perc"},"schema":{"@context":"https:\/\/schema.org","@graph":[{"@type":"WebPage","@id":"https:\/\/villapaolija.com\/politika-privatnosti-kolacica\/","url":"https:\/\/villapaolija.com\/politika-privatnosti-kolacica\/","name":"Adatv\u00e9delmi \u00e9s s\u00fcti szab\u00e1lyzat - Villa Paolija - Apartmanok medenc\u00e9vel","isPartOf":{"@id":"https:\/\/villapaolija.com\/#website"},"datePublished":"2025-02-18T17:47:49+00:00","dateModified":"2025-04-10T09:15:29+00:00","breadcrumb":{"@id":"https:\/\/villapaolija.com\/politika-privatnosti-kolacica\/#breadcrumb"},"inLanguage":"hu","potentialAction":[{"@type":"ReadAction","target":["https:\/\/villapaolija.com\/politika-privatnosti-kolacica\/"]}]},{"@type":"BreadcrumbList","@id":"https:\/\/villapaolija.com\/politika-privatnosti-kolacica\/#breadcrumb","itemListElement":[{"@type":"ListItem","position":1,"name":"Home","item":"https:\/\/villapaolija.com\/"},{"@type":"ListItem","position":2,"name":"Politika privatnosti i kola\u010di\u0107a"}]},{"@type":"WebSite","@id":"https:\/\/villapaolija.com\/#website","url":"https:\/\/villapaolija.com\/","name":"Villa Paolija - Apartmanok medenc\u00e9vel","description":"Ide\u00e1lis nyaral\u00e1s az eg\u00e9sz csal\u00e1dnak NOVIGRADBAN","publisher":{"@id":"https:\/\/villapaolija.com\/#organization"},"potentialAction":[{"@type":"SearchAction","target":{"@type":"EntryPoint","urlTemplate":"https:\/\/villapaolija.com\/?s={search_term_string}"},"query-input":{"@type":"PropertyValueSpecification","valueRequired":true,"valueName":"search_term_string"}}],"inLanguage":"hu"},{"@type":"Organization","@id":"https:\/\/villapaolija.com\/#organization","name":"Villa Paolija - Apartmanok medenc\u00e9vel","url":"https:\/\/villapaolija.com\/","logo":{"@type":"ImageObject","inLanguage":"hu","@id":"https:\/\/villapaolija.com\/#\/schema\/logo\/image\/","url":"https:\/\/villapaolija.com\/villapaolija\/wp-content\/uploads\/2025\/02\/logo_vp_18.png","contentUrl":"https:\/\/villapaolija.com\/villapaolija\/wp-content\/uploads\/2025\/02\/logo_vp_18.png","width":280,"height":85,"caption":"Villa Paolija - Apartmani s bazenom"},"image":{"@id":"https:\/\/villapaolija.com\/#\/schema\/logo\/image\/"}}]}},"_links":{"self":[{"href":"https:\/\/villapaolija.com\/hu\/wp-json\/wp\/v2\/pages\/3","targetHints":{"allow":["GET"]}}],"collection":[{"href":"https:\/\/villapaolija.com\/hu\/wp-json\/wp\/v2\/pages"}],"about":[{"href":"https:\/\/villapaolija.com\/hu\/wp-json\/wp\/v2\/types\/page"}],"author":[{"embeddable":true,"href":"https:\/\/villapaolija.com\/hu\/wp-json\/wp\/v2\/users\/1"}],"replies":[{"embeddable":true,"href":"https:\/\/villapaolija.com\/hu\/wp-json\/wp\/v2\/comments?post=3"}],"version-history":[{"count":1,"href":"https:\/\/villapaolija.com\/hu\/wp-json\/wp\/v2\/pages\/3\/revisions"}],"predecessor-version":[{"id":477,"href":"https:\/\/villapaolija.com\/hu\/wp-json\/wp\/v2\/pages\/3\/revisions\/477"}],"wp:attachment":[{"href":"https:\/\/villapaolija.com\/hu\/wp-json\/wp\/v2\/media?parent=3"}],"curies":[{"name":"munkaf\u00fczet","href":"https:\/\/api.w.org\/{rel}","templated":true}]}}